{"id":1508,"date":"2022-04-27T13:20:27","date_gmt":"2022-04-27T17:20:27","guid":{"rendered":"https:\/\/communitylivingstormontcounty.ca\/a-propos-de-nous\/historique\/"},"modified":"2022-07-04T10:26:23","modified_gmt":"2022-07-04T14:26:23","slug":"historique","status":"publish","type":"page","link":"https:\/\/communitylivingstormontcounty.ca\/fr\/a-propos-de-nous\/historique\/","title":{"rendered":"Historique"},"content":{"rendered":"\n<p>Depuis le 26 novembre 1958, le nom de notre organisation a chang\u00e9. Elle s\u2019appelait initialement la Cornwall and District Association for Retarded Children, puis a chang\u00e9 de nom pour la Cornwall and District Association for the Mentally Retarded, pour porter le nom qu\u2019on lui conna\u00eet aujourd\u2019hui, Int\u00e9gration Communautaire &#8211; comt\u00e9 de Stormont. Chaque changement de nom s&rsquo;est accompagn\u00e9 d&rsquo;une modification de nos services, de notre orientation et de notre r\u00f4le au sein de la communaut\u00e9. La d\u00e9cision de changer de nom est le r\u00e9sultat direct des pressions exerc\u00e9es par les d\u00e9fenseurs de leurs propres droits qui ne voulaient plus \u00eatre catalogu\u00e9s. L&rsquo;intensit\u00e9 de leur action dans ce domaine a eu un effet profond sur l&rsquo;\u00e9volution de notre organisation. Le changement de nom a marqu\u00e9 la premi\u00e8re d&rsquo;une s\u00e9rie d&rsquo;\u00e9tapes passionnantes vers le d\u00e9veloppement de programmes favorisant l&rsquo;int\u00e9gration communautaire.<\/p>\n\n<p>De la fin des ann\u00e9es 1950 au milieu des ann\u00e9es 1990, les solutions s\u00e9gr\u00e9gationnistes \u00e9taient largement accept\u00e9es et d\u00e9velopp\u00e9es. Les programmes et les individus de l\u2019organisation \u00e9taient isol\u00e9s du reste de la communaut\u00e9. \u00c0 l&rsquo;\u00e9poque, notre r\u00f4le \u00e9tait per\u00e7u comme celui d&rsquo;un protecteur. On attendait de nous que nous nous r\u00e9unissions, que nous nous occupions d&rsquo;un groupe sp\u00e9cifique de personnes et que nous leur proposions des activit\u00e9s limit\u00e9es, parfois dans un cadre clinique, parfois m\u00eame dans un cadre de second ordre. En g\u00e9n\u00e9ral, on attendait de nous que nous gardions les gens en s\u00e9curit\u00e9 et hors de danger. Ils \u00e9taient cens\u00e9s \u00eatre heureux et la soci\u00e9t\u00e9 \u00e9tait per\u00e7ue comme leur fournissant tout ce qu&rsquo;ils pouvaient d\u00e9sirer. Ce n&rsquo;est plus acceptable et ce n&rsquo;est plus le cas.<\/p>\n\n<p>Notre organisation a beaucoup appris sur les besoins, les d\u00e9sirs et les attentes des personnes que nous soutenons. Nous avons compris que les services que nous fournissions devaient \u00eatre modifi\u00e9s. Nous avons r\u00e9alis\u00e9 qu&rsquo;il y a encore beaucoup \u00e0 apprendre, et qu&rsquo;il y aura toujours quelque chose \u00e0 apprendre.. Au fil des ans, nous avons d\u00e9termin\u00e9 que notre r\u00f4le en tant que d\u00e9fenseurs de l&rsquo;int\u00e9gration comporte plusieurs facettes, plusieurs phases et qu&rsquo;il est tr\u00e8s complexe. L&rsquo;int\u00e9gration est un processus d&rsquo;apprentissage permanent. Aucune organisation ne peut esp\u00e9rer r\u00e9pondre aux divers besoins d&rsquo;un individu donn\u00e9. Si nous voulons am\u00e9liorer la vie des gens que nous soutenons et r\u00e9aliser les objectifs qui ont \u00e9t\u00e9 \u00e9tablis pour et par eux, il est absolument n\u00e9cessaire de travailler avec d&rsquo;autres organismes et syst\u00e8mes <em>(par exemple, \u00e9ducatifs, m\u00e9dicaux, r\u00e9cr\u00e9atifs)<\/em>, des employeurs communautaires et des services g\u00e9n\u00e9riques<em>.<\/em><\/p>\n\n<blockquote class=\"wp-block-quote is-style-default is-layout-flow wp-block-quote-is-layout-flow\"><p>\u00ab Le d\u00e9fi que nous devons relever n&rsquo;est pas simplement d&rsquo;\u00e9largir les mod\u00e8les et les services actuels, mais plut\u00f4t de repousser les limites du mouvement de l&rsquo;int\u00e9gration communautaire au-del\u00e0 de ce que nous pensions \u00eatre possible, afin d&rsquo;inclure tous les citoyens avec une d\u00e9ficience intellectuelle et de continuer \u00e0 s&rsquo;\u00e9loigner des milieux et des activit\u00e9s s\u00e9gr\u00e9gu\u00e9s \u00bb.<\/p><\/blockquote>\n\n<p><strong>\u00c0 Int\u00e9gration Communautaire &#8211; comt\u00e9 de Stormont, nous continuons \u00e0 travailler \u00e0 la cr\u00e9ation d&rsquo;une communaut\u00e9 qui inclut tout le monde.<\/strong><\/p>\n","protected":false},"excerpt":{"rendered":"<p>Depuis le 26 novembre 1958, le nom de notre organisation a chang\u00e9. Elle s\u2019appelait initialement la Cornwall and District Association for Retarded Children, puis a chang\u00e9 de nom pour la Cornwall and District Association for the Mentally Retarded, pour porter le nom qu\u2019on lui conna\u00eet aujourd\u2019hui, Int\u00e9gration Communautaire &#8211; comt\u00e9 de Stormont. Chaque changement de [&hellip;]<\/p>\n","protected":false},"author":1,"featured_media":0,"parent":1504,"menu_order":0,"comment_status":"closed","ping_status":"closed","template":"","meta":{"_et_pb_use_builder":"","_et_pb_old_content":"","_et_gb_content_width":"","footnotes":""},"class_list":["post-1508","page","type-page","status-publish","hentry"],"_links":{"self":[{"href":"https:\/\/communitylivingstormontcounty.ca\/fr\/wp-json\/wp\/v2\/pages\/1508","targetHints":{"allow":["GET"]}}],"collection":[{"href":"https:\/\/communitylivingstormontcounty.ca\/fr\/wp-json\/wp\/v2\/pages"}],"about":[{"href":"https:\/\/communitylivingstormontcounty.ca\/fr\/wp-json\/wp\/v2\/types\/page"}],"author":[{"embeddable":true,"href":"https:\/\/communitylivingstormontcounty.ca\/fr\/wp-json\/wp\/v2\/users\/1"}],"replies":[{"embeddable":true,"href":"https:\/\/communitylivingstormontcounty.ca\/fr\/wp-json\/wp\/v2\/comments?post=1508"}],"version-history":[{"count":1,"href":"https:\/\/communitylivingstormontcounty.ca\/fr\/wp-json\/wp\/v2\/pages\/1508\/revisions"}],"predecessor-version":[{"id":1509,"href":"https:\/\/communitylivingstormontcounty.ca\/fr\/wp-json\/wp\/v2\/pages\/1508\/revisions\/1509"}],"up":[{"embeddable":true,"href":"https:\/\/communitylivingstormontcounty.ca\/fr\/wp-json\/wp\/v2\/pages\/1504"}],"wp:attachment":[{"href":"https:\/\/communitylivingstormontcounty.ca\/fr\/wp-json\/wp\/v2\/media?parent=1508"}],"curies":[{"name":"wp","href":"https:\/\/api.w.org\/{rel}","templated":true}]}}