{"id":1520,"date":"2022-06-22T14:56:17","date_gmt":"2022-06-22T18:56:17","guid":{"rendered":"https:\/\/communitylivingstormontcounty.ca\/services-de-soutien-au-logement\/"},"modified":"2025-08-21T12:23:40","modified_gmt":"2025-08-21T16:23:40","slug":"services-de-soutien-au-logement","status":"publish","type":"page","link":"https:\/\/communitylivingstormontcounty.ca\/fr\/nos-services\/services-aux-adultes\/services-de-soutien-au-logement\/","title":{"rendered":"Services de soutien \u00e0 l\u2019autonomie"},"content":{"rendered":"\n<p>Int\u00e9gration Communautaire &#8211; comt\u00e9 de Stormont s&rsquo;efforce de fournir aux personnes des services de soutien au logement adapt\u00e9s \u00e0 leurs besoins individuels. <\/p>\n\n\n\n<h3 class=\"wp-block-heading\">Nos services :<\/h3>\n\n\n\n<ul class=\"wp-block-list\">\n<li>Vie en groupe, soutien 24h\/24 et 7j\/7<\/li>\n\n\n\n<li>Aide \u00e0 la vie autonome<\/li>\n\n\n\n<li>Appartements<\/li>\n<\/ul>\n\n\n\n<p><\/p>\n\n\n\n<figure class=\"wp-block-gallery has-nested-images columns-default is-cropped wp-block-gallery-1 is-layout-flex wp-block-gallery-is-layout-flex\">\n<figure class=\"wp-block-image size-large\"><img loading=\"lazy\" decoding=\"async\" width=\"1024\" height=\"683\" data-id=\"1292\" src=\"https:\/\/communitylivingstormontcounty.ca\/wp-content\/uploads\/2022\/06\/PHO01070-1024x683.jpg\" alt=\"\" class=\"wp-image-1292\" srcset=\"https:\/\/communitylivingstormontcounty.ca\/wp-content\/uploads\/2022\/06\/PHO01070-980x653.jpg 980w, https:\/\/communitylivingstormontcounty.ca\/wp-content\/uploads\/2022\/06\/PHO01070-480x320.jpg 480w\" sizes=\"(min-width: 0px) and (max-width: 480px) 480px, (min-width: 481px) and (max-width: 980px) 980px, (min-width: 981px) 1024px, 100vw\" \/><\/figure>\n\n\n\n<figure class=\"wp-block-image size-large\"><img loading=\"lazy\" decoding=\"async\" width=\"2560\" height=\"1707\" data-id=\"1296\" src=\"https:\/\/communitylivingstormontcounty.ca\/wp-content\/uploads\/2022\/06\/PHO01088-scaled.jpg\" alt=\"\" class=\"wp-image-1296\" srcset=\"https:\/\/communitylivingstormontcounty.ca\/wp-content\/uploads\/2022\/06\/PHO01088-scaled.jpg 2560w, https:\/\/communitylivingstormontcounty.ca\/wp-content\/uploads\/2022\/06\/PHO01088-1280x854.jpg 1280w, https:\/\/communitylivingstormontcounty.ca\/wp-content\/uploads\/2022\/06\/PHO01088-980x653.jpg 980w, https:\/\/communitylivingstormontcounty.ca\/wp-content\/uploads\/2022\/06\/PHO01088-480x320.jpg 480w\" sizes=\"(min-width: 0px) and (max-width: 480px) 480px, (min-width: 481px) and (max-width: 980px) 980px, (min-width: 981px) and (max-width: 1280px) 1280px, (min-width: 1281px) 2560px, 100vw\" \/><\/figure>\n\n\n\n<figure class=\"wp-block-image size-large\"><img loading=\"lazy\" decoding=\"async\" width=\"2560\" height=\"1707\" data-id=\"1294\" src=\"https:\/\/communitylivingstormontcounty.ca\/wp-content\/uploads\/2022\/06\/PHO01082-scaled.jpg\" alt=\"\" class=\"wp-image-1294\" srcset=\"https:\/\/communitylivingstormontcounty.ca\/wp-content\/uploads\/2022\/06\/PHO01082-scaled.jpg 2560w, https:\/\/communitylivingstormontcounty.ca\/wp-content\/uploads\/2022\/06\/PHO01082-1280x854.jpg 1280w, https:\/\/communitylivingstormontcounty.ca\/wp-content\/uploads\/2022\/06\/PHO01082-980x653.jpg 980w, https:\/\/communitylivingstormontcounty.ca\/wp-content\/uploads\/2022\/06\/PHO01082-480x320.jpg 480w\" sizes=\"(min-width: 0px) and (max-width: 480px) 480px, (min-width: 481px) and (max-width: 980px) 980px, (min-width: 981px) and (max-width: 1280px) 1280px, (min-width: 1281px) 2560px, 100vw\" \/><\/figure>\n<\/figure>\n\n\n\n<figure class=\"wp-block-gallery has-nested-images columns-default is-cropped wp-block-gallery-2 is-layout-flex wp-block-gallery-is-layout-flex\">\n<figure class=\"wp-block-image size-large\"><img loading=\"lazy\" decoding=\"async\" width=\"2560\" height=\"1706\" data-id=\"1290\" src=\"https:\/\/communitylivingstormontcounty.ca\/wp-content\/uploads\/2022\/06\/PHO01061-scaled.jpg\" alt=\"\" class=\"wp-image-1290\" srcset=\"https:\/\/communitylivingstormontcounty.ca\/wp-content\/uploads\/2022\/06\/PHO01061-scaled.jpg 2560w, https:\/\/communitylivingstormontcounty.ca\/wp-content\/uploads\/2022\/06\/PHO01061-1280x853.jpg 1280w, https:\/\/communitylivingstormontcounty.ca\/wp-content\/uploads\/2022\/06\/PHO01061-980x653.jpg 980w, https:\/\/communitylivingstormontcounty.ca\/wp-content\/uploads\/2022\/06\/PHO01061-480x320.jpg 480w\" sizes=\"(min-width: 0px) and (max-width: 480px) 480px, (min-width: 481px) and (max-width: 980px) 980px, (min-width: 981px) and (max-width: 1280px) 1280px, (min-width: 1281px) 2560px, 100vw\" \/><\/figure>\n\n\n\n<figure class=\"wp-block-image size-large\"><img loading=\"lazy\" decoding=\"async\" width=\"2560\" height=\"1707\" data-id=\"1288\" src=\"https:\/\/communitylivingstormontcounty.ca\/wp-content\/uploads\/2022\/06\/PHO01060-scaled.jpg\" alt=\"\" class=\"wp-image-1288\" srcset=\"https:\/\/communitylivingstormontcounty.ca\/wp-content\/uploads\/2022\/06\/PHO01060-scaled.jpg 2560w, https:\/\/communitylivingstormontcounty.ca\/wp-content\/uploads\/2022\/06\/PHO01060-1280x854.jpg 1280w, https:\/\/communitylivingstormontcounty.ca\/wp-content\/uploads\/2022\/06\/PHO01060-980x653.jpg 980w, https:\/\/communitylivingstormontcounty.ca\/wp-content\/uploads\/2022\/06\/PHO01060-480x320.jpg 480w\" sizes=\"(min-width: 0px) and (max-width: 480px) 480px, (min-width: 481px) and (max-width: 980px) 980px, (min-width: 981px) and (max-width: 1280px) 1280px, (min-width: 1281px) 2560px, 100vw\" \/><\/figure>\n\n\n\n<figure class=\"wp-block-image size-large\"><img loading=\"lazy\" decoding=\"async\" width=\"1024\" height=\"683\" data-id=\"1404\" src=\"https:\/\/communitylivingstormontcounty.ca\/wp-content\/uploads\/2022\/06\/PHO01110-1-1024x683.jpg\" alt=\"\" class=\"wp-image-1404\" srcset=\"https:\/\/communitylivingstormontcounty.ca\/wp-content\/uploads\/2022\/06\/PHO01110-1-980x653.jpg 980w, https:\/\/communitylivingstormontcounty.ca\/wp-content\/uploads\/2022\/06\/PHO01110-1-480x320.jpg 480w\" sizes=\"(min-width: 0px) and (max-width: 480px) 480px, (min-width: 481px) and (max-width: 980px) 980px, (min-width: 981px) 1024px, 100vw\" \/><\/figure>\n\n\n\n<figure class=\"wp-block-image size-large\"><img loading=\"lazy\" decoding=\"async\" width=\"1024\" height=\"683\" data-id=\"1455\" src=\"https:\/\/communitylivingstormontcounty.ca\/wp-content\/uploads\/2022\/06\/PHO01117-1-1024x683.jpg\" alt=\"\" class=\"wp-image-1455\" srcset=\"https:\/\/communitylivingstormontcounty.ca\/wp-content\/uploads\/2022\/06\/PHO01117-1-980x653.jpg 980w, https:\/\/communitylivingstormontcounty.ca\/wp-content\/uploads\/2022\/06\/PHO01117-1-480x320.jpg 480w\" sizes=\"(min-width: 0px) and (max-width: 480px) 480px, (min-width: 481px) and (max-width: 980px) 980px, (min-width: 981px) 1024px, 100vw\" \/><\/figure>\n\n\n\n<figure class=\"wp-block-image size-large\"><img loading=\"lazy\" decoding=\"async\" width=\"1024\" height=\"683\" data-id=\"1453\" src=\"https:\/\/communitylivingstormontcounty.ca\/wp-content\/uploads\/2022\/06\/PHO01499-1-1-1024x683.jpg\" alt=\"\" class=\"wp-image-1453\" srcset=\"https:\/\/communitylivingstormontcounty.ca\/wp-content\/uploads\/2022\/06\/PHO01499-1-1-980x653.jpg 980w, https:\/\/communitylivingstormontcounty.ca\/wp-content\/uploads\/2022\/06\/PHO01499-1-1-480x320.jpg 480w\" sizes=\"(min-width: 0px) and (max-width: 480px) 480px, (min-width: 481px) and (max-width: 980px) 980px, (min-width: 981px) 1024px, 100vw\" \/><\/figure>\n<\/figure>\n\n\n\n<h3 class=\"wp-block-heading\">Supports<\/h3>\n\n\n\n<p>Le niveau de soutien varie et nous nous effor\u00e7ons de r\u00e9pondre aux besoins de chaque personne.<\/p>\n\n\n\n<p>Notre personnel encourage les personnes qu\u2019il soutient \u00e0 participer \u00e0 tous les aspects de la vie quotidienne, comme la pr\u00e9paration des repas, les t\u00e2ches m\u00e9nag\u00e8res, la gestion de leurs finances, les soins personnels et la possibilit\u00e9 de participer aux activit\u00e9s sociales et de loisirs de leur choix.<\/p>\n\n\n\n<p>Int\u00e9gration Communautaire &#8211; comt\u00e9 de Stormont favorise l&rsquo;implication de la famille, une atmosph\u00e8re chaleureuse et attentionn\u00e9e et la possibilit\u00e9 pour chaque personne de faire des choix et de participer aux d\u00e9cisions quotidiennes.<\/p>\n\n\n\n<p>Nous nous attachons \u00e0 offrir une qualit\u00e9 de vie et \u00e0 aider chaque personne \u00e0 atteindre ses objectifs et \u00e0 r\u00e9aliser ses r\u00eaves. <\/p>\n\n\n\n<p>Chaque personne b\u00e9n\u00e9ficiant de services de soutien au logement a la possibilit\u00e9 de participer au processus de planification centr\u00e9e sur la personne. Gr\u00e2ce \u00e0 ce processus, la personne est en mesure de d\u00e9finir les r\u00e9sultats qu&rsquo;elle souhaite atteindre et de planifier les moyens d&rsquo;y parvenir. Le processus de planification garantit \u00e9galement que l&rsquo;\u00e9volution des besoins, des aspirations et des choix de la personne est reconnue et respect\u00e9e.<\/p>\n\n\n\n<h4 class=\"wp-block-heading\">Planification centr\u00e9e sur la personne<\/h4>\n\n\n\n<div class=\"wp-block-columns is-layout-flex wp-container-core-columns-is-layout-9d6595d7 wp-block-columns-is-layout-flex\">\n<div class=\"wp-block-column is-layout-flow wp-block-column-is-layout-flow\">\n<p>Int\u00e9gration Communautaire &#8211; comt\u00e9 de Stormont favorise une approche de planification centr\u00e9e sur la personne pour ses services. Le processus de planification aide \u00e0 fixer des objectifs, \u00e0 \u00e9laborer des strat\u00e9gies et \u00e0 d\u00e9finir des t\u00e2ches et des calendriers pour atteindre ces objectifs. Le processus vise \u00e0 renforcer la capacit\u00e9 de la personne \u00e0 faire comprendre ses souhaits et \u00e0 accro\u00eetre son autod\u00e9termination, tout en lui donnant plus de choix et de contr\u00f4le.<\/p>\n<\/div>\n\n\n\n<div class=\"wp-block-column is-layout-flow wp-block-column-is-layout-flow\">\n<figure class=\"wp-block-image size-large\"><img loading=\"lazy\" decoding=\"async\" width=\"1024\" height=\"683\" src=\"https:\/\/communitylivingstormontcounty.ca\/wp-content\/uploads\/2022\/07\/UltraVistaA7400648-1024x683.jpg\" alt=\"\" class=\"wp-image-1481\" srcset=\"https:\/\/communitylivingstormontcounty.ca\/wp-content\/uploads\/2022\/07\/UltraVistaA7400648-980x653.jpg 980w, https:\/\/communitylivingstormontcounty.ca\/wp-content\/uploads\/2022\/07\/UltraVistaA7400648-480x320.jpg 480w\" sizes=\"(min-width: 0px) and (max-width: 480px) 480px, (min-width: 481px) and (max-width: 980px) 980px, (min-width: 981px) 1024px, 100vw\" \/><\/figure>\n<\/div>\n<\/div>\n\n\n\n<h4 class=\"wp-block-heading\">Plans de vie<\/h4>\n\n\n\n<div class=\"wp-block-columns is-layout-flex wp-container-core-columns-is-layout-9d6595d7 wp-block-columns-is-layout-flex\">\n<div class=\"wp-block-column is-layout-flow wp-block-column-is-layout-flow\">\n<p>Les plans de vie sont g\u00e9n\u00e9ralement destin\u00e9s aux personnes b\u00e9n\u00e9ficiant des services r\u00e9sidentiels d\u2019ICCS. Tous les aspects de la vie d&rsquo;une personne sont \u00e9valu\u00e9s lors de l&rsquo;\u00e9laboration du plan. Cela inclut le travail, les amis, les voyages, le logement, les possessions, la famille, les relations amoureuses, l&rsquo;apprentissage et l&rsquo;\u00e9ducation, les aspects spirituels, sociaux, la sant\u00e9 et la s\u00e9curit\u00e9 et la communaut\u00e9. Les plans de vie sont revus\/r\u00e9vis\u00e9s tous les six mois et un nouveau plan est \u00e9labor\u00e9 tous les deux ans.<\/p>\n<\/div>\n\n\n\n<div class=\"wp-block-column is-layout-flow wp-block-column-is-layout-flow\">\n<figure class=\"wp-block-image size-large\"><img loading=\"lazy\" decoding=\"async\" width=\"1024\" height=\"683\" src=\"https:\/\/communitylivingstormontcounty.ca\/wp-content\/uploads\/2022\/06\/UltraVistaPHO01439-1024x683.jpg\" alt=\"\" class=\"wp-image-1312\" srcset=\"https:\/\/communitylivingstormontcounty.ca\/wp-content\/uploads\/2022\/06\/UltraVistaPHO01439-980x653.jpg 980w, https:\/\/communitylivingstormontcounty.ca\/wp-content\/uploads\/2022\/06\/UltraVistaPHO01439-480x320.jpg 480w\" sizes=\"(min-width: 0px) and (max-width: 480px) 480px, (min-width: 481px) and (max-width: 980px) 980px, (min-width: 981px) 1024px, 100vw\" \/><\/figure>\n<\/div>\n<\/div>\n\n\n\n<h4 class=\"wp-block-heading\">Plans de soutien individualis\u00e9s<\/h4>\n\n\n\n<div class=\"wp-block-columns is-layout-flex wp-container-core-columns-is-layout-9d6595d7 wp-block-columns-is-layout-flex\">\n<div class=\"wp-block-column is-layout-flow wp-block-column-is-layout-flow\">\n<p>Des plans de soutien individualis\u00e9s sont \u00e9tablis chaque ann\u00e9e pour toutes les personnes soutenues par Int\u00e9gration Communautaire &#8211; comt\u00e9 de Stormont. Des objectifs mesurables sont d\u00e9finis par la personne et son r\u00e9seau de soutien. La responsabilit\u00e9 de l&rsquo;atteinte de ces objectifs est clairement d\u00e9finie. Les plans de soutien individualis\u00e9s sont examin\u00e9s et r\u00e9vis\u00e9s tous les six mois et un nouveau plan est \u00e9tabli chaque ann\u00e9e.<\/p>\n<\/div>\n\n\n\n<div class=\"wp-block-column is-layout-flow wp-block-column-is-layout-flow\">\n<figure class=\"wp-block-image size-large\"><img loading=\"lazy\" decoding=\"async\" width=\"1024\" height=\"683\" src=\"https:\/\/communitylivingstormontcounty.ca\/wp-content\/uploads\/2022\/06\/UltraVistaPHO01453-1024x683.jpg\" alt=\"\" class=\"wp-image-1314\" srcset=\"https:\/\/communitylivingstormontcounty.ca\/wp-content\/uploads\/2022\/06\/UltraVistaPHO01453-980x653.jpg 980w, https:\/\/communitylivingstormontcounty.ca\/wp-content\/uploads\/2022\/06\/UltraVistaPHO01453-480x320.jpg 480w\" sizes=\"(min-width: 0px) and (max-width: 480px) 480px, (min-width: 481px) and (max-width: 980px) 980px, (min-width: 981px) 1024px, 100vw\" \/><\/figure>\n<\/div>\n<\/div>\n\n\n\n<hr class=\"wp-block-separator has-alpha-channel-opacity is-style-wide\"\/>\n\n\n\n<h3 class=\"wp-block-heading\">Processus d&rsquo;aiguillage<\/h3>\n\n\n\n<p>Tous les aiguillages vers les services pour adultes doivent \u00eatre effectu\u00e9s aupr\u00e8s de <a href=\"https:\/\/www.dsontario.ca\/\">Services de l&rsquo;Ontario pour les personnes ayant une d\u00e9ficience intellectuelle \u2013 www.dsontario.ca<\/a> \u2013 <a href=\"tel:18553763737\">1 855 376-3737<\/a><\/p>\n","protected":false},"excerpt":{"rendered":"<p>Int\u00e9gration Communautaire &#8211; comt\u00e9 de Stormont s&rsquo;efforce de fournir aux personnes des services de soutien au logement adapt\u00e9s \u00e0 leurs besoins individuels. Nos services : Supports Le niveau de soutien varie et nous nous effor\u00e7ons de r\u00e9pondre aux besoins de chaque personne. Notre personnel encourage les personnes qu\u2019il soutient \u00e0 participer \u00e0 tous les aspects [&hellip;]<\/p>\n","protected":false},"author":1,"featured_media":0,"parent":1518,"menu_order":0,"comment_status":"closed","ping_status":"closed","template":"","meta":{"_et_pb_use_builder":"","_et_pb_old_content":"","_et_gb_content_width":"","footnotes":""},"class_list":["post-1520","page","type-page","status-publish","hentry"],"_links":{"self":[{"href":"https:\/\/communitylivingstormontcounty.ca\/fr\/wp-json\/wp\/v2\/pages\/1520","targetHints":{"allow":["GET"]}}],"collection":[{"href":"https:\/\/communitylivingstormontcounty.ca\/fr\/wp-json\/wp\/v2\/pages"}],"about":[{"href":"https:\/\/communitylivingstormontcounty.ca\/fr\/wp-json\/wp\/v2\/types\/page"}],"author":[{"embeddable":true,"href":"https:\/\/communitylivingstormontcounty.ca\/fr\/wp-json\/wp\/v2\/users\/1"}],"replies":[{"embeddable":true,"href":"https:\/\/communitylivingstormontcounty.ca\/fr\/wp-json\/wp\/v2\/comments?post=1520"}],"version-history":[{"count":13,"href":"https:\/\/communitylivingstormontcounty.ca\/fr\/wp-json\/wp\/v2\/pages\/1520\/revisions"}],"predecessor-version":[{"id":2772,"href":"https:\/\/communitylivingstormontcounty.ca\/fr\/wp-json\/wp\/v2\/pages\/1520\/revisions\/2772"}],"up":[{"embeddable":true,"href":"https:\/\/communitylivingstormontcounty.ca\/fr\/wp-json\/wp\/v2\/pages\/1518"}],"wp:attachment":[{"href":"https:\/\/communitylivingstormontcounty.ca\/fr\/wp-json\/wp\/v2\/media?parent=1520"}],"curies":[{"name":"wp","href":"https:\/\/api.w.org\/{rel}","templated":true}]}}